{"id":4114,"date":"2022-03-09T13:32:08","date_gmt":"2022-03-09T12:32:08","guid":{"rendered":"https:\/\/congresomasculinidades2.umh.es\/?page_id=4114"},"modified":"2022-06-22T13:21:20","modified_gmt":"2022-06-22T11:21:20","slug":"valencia-colabora","status":"publish","type":"page","link":"https:\/\/congresomasculinidades2.umh.es\/ca\/valencia-colabora\/","title":{"rendered":"COL\u00b7LABORA"},"content":{"rendered":"<p>[et_pb_section fb_built=&#8221;1&#8243; _builder_version=&#8221;4.2.2&#8243; background_color=&#8221;#000000&#8243; custom_padding=&#8221;0px||0px|||&#8221;][et_pb_row _builder_version=&#8221;4.2.2&#8243;][et_pb_column type=&#8221;4_4&#8243; _builder_version=&#8221;4.2.2&#8243;][et_pb_image src=&#8221;https:\/\/congresomasculinidades2.umh.es\/files\/2022\/03\/II-cabecera-val.png&#8221; alt=&#8221;Segundo Congreso Internacional Sobre Masculinidades e Igualdad Educaci\u00f3n para la igualdad y Co(Educaci\u00f3n)&#8221; url=&#8221;https:\/\/congresomasculinidades2.umh.es\/ca\/&#8221; _builder_version=&#8221;4.2.2&#8243;][\/et_pb_image][\/et_pb_column][\/et_pb_row][\/et_pb_section][et_pb_section fb_built=&#8221;1&#8243; fullwidth=&#8221;on&#8221; _builder_version=&#8221;4.2.2&#8243;][et_pb_fullwidth_menu menu_id=&#8221;7135&#8243; fullwidth_menu=&#8221;off&#8221; active_link_color=&#8221;#E76996&#8243; _builder_version=&#8221;4.2.2&#8243; menu_font=&#8221;|700||on|||||&#8221; menu_text_color=&#8221;#FFFFFF&#8221; menu_font_size=&#8221;14pt&#8221; background_color=&#8221;#3A3B3D&#8221; text_orientation=&#8221;center&#8221; border_color_all=&#8221;#E02B20&#8243; border_width_all__hover_enabled=&#8221;off|hover&#8221; menu_text_color__hover_enabled=&#8221;on|hover&#8221; menu_text_color__hover=&#8221;#E76996&#8243;][\/et_pb_fullwidth_menu][\/et_pb_section][et_pb_section fb_built=&#8221;1&#8243; admin_label=&#8221;section&#8221; _builder_version=&#8221;3.22&#8243;][et_pb_row admin_label=&#8221;row&#8221; _builder_version=&#8221;3.25&#8243; background_size=&#8221;initial&#8221; background_position=&#8221;top_left&#8221; background_repeat=&#8221;repeat&#8221;][et_pb_column type=&#8221;4_4&#8243; _builder_version=&#8221;3.25&#8243; custom_padding=&#8221;|||&#8221; custom_padding__hover=&#8221;|||&#8221;][et_pb_text admin_label=&#8221;Text&#8221; _builder_version=&#8221;4.2.2&#8243; background_size=&#8221;initial&#8221; background_position=&#8221;top_left&#8221; background_repeat=&#8221;repeat&#8221; hover_enabled=&#8221;0&#8243;][\/et_pb_text][\/et_pb_column][\/et_pb_row][\/et_pb_section]<\/p>\n","protected":false},"excerpt":{"rendered":"","protected":false},"author":3158,"featured_media":0,"parent":0,"menu_order":0,"comment_status":"closed","ping_status":"closed","template":"","meta":{"_et_pb_use_builder":"on","_et_pb_old_content":"\u00a0\r\n\r\n<img class=\"wp-image-1945 alignnone size-full\" style=\"display: block; margin-left: auto; margin-right: auto;\" title=\"Ministerio de Igualdad Instituto de las Mujeres\" src=\"https:\/\/congresomasculinidades2.umh.es\/files\/2022\/02\/institutoMujeres.jpg\" width=\"614\" height=\"168\" \/>\r\n<p style=\"text-align: center;\"><img class=\"alignnone size-full wp-image-1325\" title=\"Delegaci\u00f3n de estudiantes\" src=\"https:\/\/congresomasculinidades2.umh.es\/files\/2019\/03\/Imagen-1.png\" width=\"242\" height=\"197\" \/>\u00a0 \u00a0 \u00a0 \u00a0 \u00a0 \u00a0 \u00a0 \u00a0 \u00a0 \u00a0 \u00a0 \u00a0 \u00a0 \u00a0 \u00a0 \u00a0 \u00a0 \u00a0 \u00a0 \u00a0 \u00a0 \u00a0 \u00a0 \u00a0 \u00a0 \u00a0 \u00a0 \u00a0 \u00a0 \u00a0 \u00a0 \u00a0 \u00a0 \u00a0 \u00a0 \u00a0 \u00a0\u00a0<img class=\"alignnone wp-image-1324\" title=\"Departamento Ciencias sociales y Humanas\" src=\"https:\/\/congresomasculinidades2.umh.es\/files\/2019\/03\/Imagen-2.png\" width=\"157\" height=\"210\" \/><\/p>\r\n<p style=\"text-align: center;\"><img class=\"alignnone wp-image-1323\" title=\"Master Univesitario Igualdad y G\u00e9nero en el \u00c1mbito P\u00fablico y Privado\" src=\"https:\/\/congresomasculinidades2.umh.es\/files\/2019\/03\/Imagen-3.png\" width=\"430\" height=\"160\" \/>\u00a0 \u00a0 \u00a0 \u00a0 \u00a0 \u00a0 \u00a0 \u00a0 \u00a0\u00a0<img class=\"alignnone wp-image-1322 size-full\" title=\"ATED Atenci\u00f3n al Estudiante con Discapacidad\" src=\"https:\/\/congresomasculinidades2.umh.es\/files\/2019\/03\/Imagen-4-e1552327289769.png\" width=\"304\" height=\"190\" \/><\/p>\r\n<p style=\"text-align: center;\"><strong>M\u00c1STER INTERUNIVERSITARIO (12\u00aa ed.)<\/strong>\r\n<strong>UNIVERSIDAD JAUME I DE CASTELL\u00d3 Y<\/strong>\r\n<strong>UNIVERSIDAD MIGUEL HERN\u00c1NDEZ DE ELCHE<\/strong><\/p>\r\n<p style=\"text-align: center;\"><img class=\"alignnone wp-image-1447\" title=\"Generalitat Valenciana Vicepresid\u00e8ncia i Conselleria d'igualtat i Pol\u00edtiques Inclusives Direcci\u00f3 General de l'insitut Valenci\u00e0 de les Dones i per la Igualtat de G\u00e9nere\" src=\"https:\/\/congresomasculinidades2.umh.es\/files\/2019\/01\/LOGO-DGIVDIG.png\" width=\"320\" height=\"191\" \/>\u00a0 \u00a0\u00a0<img class=\"alignnone wp-image-1326\" title=\"Gobierno de Espa\u00f1a Subdelegaci\u00f3n del gobierno en Alicante\" src=\"https:\/\/congresomasculinidades2.umh.es\/files\/2019\/01\/Captura-de-pantalla-2019-03-11-a-las-19.00.12-e1552327643982.png\" width=\"553\" height=\"175\" \/><\/p>\r\n<p style=\"text-align: center;\"><img class=\"aligncenter wp-image-1319\" title=\"Pacto de Estado contra la violencia de g\u00e9nero\" src=\"https:\/\/congresomasculinidades2.umh.es\/files\/2019\/03\/Imagen-7-e1552327822807.png\" width=\"151\" height=\"100\" \/><\/p>\r\n<p style=\"text-align: center;\">Financiado con cargo a los cr\u00e9ditos recibidos del Ministerio de la Presidencia, Relaciones con las Cortes e Igualdad, a trav\u00e9s de la Secretar\u00eda de Estado de Igualdad<\/p>\r\n<p style=\"text-align: center;\"><img class=\"alignnone wp-image-1317\" title=\"Logos de Ayuntamientos\" src=\"https:\/\/congresomasculinidades2.umh.es\/files\/2019\/03\/Imagen-9.png\" width=\"451\" height=\"220\" \/><\/p>\r\n<p style=\"text-align: center;\">\u00a0 \u00a0 \u00a0 \u00a0 \u00a0 \u00a0 \u00a0 \u00a0\u00a0<img class=\"alignnone size-full wp-image-1316\" title=\"Ayuntamiento Benidorm\" src=\"https:\/\/congresomasculinidades2.umh.es\/files\/2019\/03\/Imagen-10.png\" width=\"119\" height=\"142\" \/>\u00a0 \u00a0 \u00a0 \u00a0 \u00a0 \u00a0 \u00a0 \u00a0 \u00a0 \u00a0 \u00a0 \u00a0 \u00a0 \u00a0 \u00a0 \u00a0 \u00a0 \u00a0 \u00a0 \u00a0 \u00a0 \u00a0 \u00a0 \u00a0 \u00a0 \u00a0<img class=\"alignnone wp-image-1315\" title=\"Ayuntamiento Los Montesinos\" src=\"https:\/\/congresomasculinidades2.umh.es\/files\/2019\/03\/Imagen-11.png\" width=\"124\" height=\"142\" \/><\/p>\r\n<p style=\"text-align: center;\">\u00a0 \u00a0 \u00a0 \u00a0 \u00a0 <img class=\"alignnone wp-image-1314\" title=\"Ayuntamiento de Villena\" src=\"https:\/\/congresomasculinidades2.umh.es\/files\/2019\/03\/Imagen-12.png\" width=\"185\" height=\"200\" \/>\u00a0 \u00a0 \u00a0 \u00a0 \u00a0 \u00a0 \u00a0 \u00a0 \u00a0 \u00a0 \u00a0 \u00a0 \u00a0 \u00a0 \u00a0 \u00a0 \u00a0 \u00a0<img class=\"alignnone wp-image-1313\" title=\"Ayuntamiento de Alicante\" src=\"https:\/\/congresomasculinidades2.umh.es\/files\/2019\/03\/Imagen-13.png\" width=\"182\" height=\"180\" \/><\/p>\r\n<p style=\"text-align: center;\"><img class=\"alignnone wp-image-1312\" title=\"Ayuntamiento d'Altea Regidoria d'igualtat\" src=\"https:\/\/congresomasculinidades2.umh.es\/files\/2019\/03\/Imagen-14-e1552328572493.png\" width=\"266\" height=\"180\" \/>\u00a0 \u00a0 \u00a0 \u00a0 \u00a0 \u00a0 \u00a0 \u00a0 \u00a0 \u00a0 \u00a0<img class=\"alignnone wp-image-1311\" title=\"Gobierno Provincial Alicante, La Dipu de los Pueblos\" src=\"https:\/\/congresomasculinidades2.umh.es\/files\/2019\/03\/Imagen-15.png\" width=\"265\" height=\"150\" \/><\/p>\r\n<p style=\"text-align: center;\"><a href=\"https:\/\/congresomasculinidades2.umh.es\/files\/2019\/03\/Imagen-17.png\"><img class=\"alignnone size-medium wp-image-1309\" title=\"Ajuntament X\u00e0bia\" src=\"https:\/\/congresomasculinidades2.umh.es\/files\/2019\/03\/Imagen-17-300x81.png\" width=\"300\" height=\"81\" \/><\/a>\u00a0 \u00a0 \u00a0 \u00a0 \u00a0 \u00a0 \u00a0 \u00a0 \u00a0<img class=\"alignnone size-medium wp-image-1310\" title=\"Ajuntament d'Alcoi\" src=\"https:\/\/congresomasculinidades2.umh.es\/files\/2019\/03\/Imagen-16-300x171.png\" width=\"300\" height=\"171\" \/><\/p>\r\n<p style=\"text-align: center;\"><a href=\"https:\/\/congresomasculinidades2.umh.es\/files\/2019\/03\/Imagen-18.png\"><img class=\"alignnone size-medium wp-image-1308\" title=\"Mancomunidad La Vega servicios sociales\" src=\"https:\/\/congresomasculinidades2.umh.es\/files\/2019\/03\/Imagen-18-300x165.png\" width=\"300\" height=\"165\" \/><\/a>\u00a0 \u00a0 \u00a0 \u00a0 \u00a0 \u00a0 \u00a0\u00a0<a href=\"https:\/\/congresomasculinidades2.umh.es\/files\/2019\/03\/Imagen-19.png\"><img class=\"alignnone size-medium wp-image-1307\" title=\"Ajuntament de Sant Joan D'Alacant\" src=\"https:\/\/congresomasculinidades2.umh.es\/files\/2019\/03\/Imagen-19-300x53.png\" width=\"300\" height=\"53\" \/><\/a><\/p>\r\n<p style=\"text-align: center;\"><a href=\"https:\/\/congresomasculinidades2.umh.es\/files\/2019\/03\/Imagen-20.png\"><img class=\"alignnone size-full wp-image-1306\" title=\"Cefire Elx\" src=\"https:\/\/congresomasculinidades2.umh.es\/files\/2019\/03\/Imagen-20.png\" width=\"191\" height=\"168\" \/><\/a>\u00a0 \u00a0 \u00a0 \u00a0 \u00a0 \u00a0 \u00a0 \u00a0 \u00a0 \u00a0 \u00a0 \u00a0 \u00a0 \u00a0 \u00a0 \u00a0 \u00a0 \u00a0 \u00a0 \u00a0 \u00a0<img class=\"alignnone size-medium wp-image-1305\" title=\"Generalitad Valenciana Conselleria d'Educaci\u00f3 Investigaci\u00f3, Cultura i Esport\" src=\"https:\/\/congresomasculinidades2.umh.es\/files\/2019\/03\/Imagen-21-300x149.png\" width=\"300\" height=\"149\" \/><\/p>\r\n<p style=\"text-align: center;\"><img class=\"alignnone size-medium wp-image-1304\" title=\"Colegio Oficial Alicante Trabajo Social\" src=\"https:\/\/congresomasculinidades2.umh.es\/files\/2019\/03\/Imagen-22-300x233.png\" width=\"300\" height=\"233\" \/>\u00a0 \u00a0 \u00a0 \u00a0 \u00a0<img class=\"alignnone size-medium wp-image-1302\" title=\"Fundacion Esperanza Pertusa\" src=\"https:\/\/congresomasculinidades2.umh.es\/files\/2019\/03\/Imagen-24-300x135.png\" width=\"300\" height=\"135\" \/><\/p>\r\n<p style=\"text-align: center;\"><a href=\"https:\/\/congresomasculinidades2.umh.es\/files\/2019\/03\/Imagen-23.png\"><img class=\"alignnone size-medium wp-image-1303\" title=\"Col\u00b7legi Oficial de Psicologia Comunitat Valenciana\" src=\"https:\/\/congresomasculinidades2.umh.es\/files\/2019\/03\/Imagen-23-300x81.png\" width=\"300\" height=\"81\" \/><\/a><a href=\"https:\/\/congresomasculinidades2.umh.es\/files\/2019\/03\/Imagen-25.png\"><img class=\"alignnone size-medium wp-image-1301\" title=\"Fundaci\u00f3n Juan Per\u00e1n Pikolinos\" src=\"https:\/\/congresomasculinidades2.umh.es\/files\/2019\/03\/Imagen-25-300x150.png\" width=\"300\" height=\"150\" \/><\/a><\/p>\r\n<p style=\"text-align: center;\"><a href=\"https:\/\/congresomasculinidades2.umh.es\/files\/2019\/03\/Imagen-27.png\"><img class=\"alignnone size-medium wp-image-1300\" title=\"Cableworld Obra Social\" src=\"https:\/\/congresomasculinidades2.umh.es\/files\/2019\/03\/Imagen-27-300x169.png\" width=\"300\" height=\"169\" \/><\/a><a href=\"https:\/\/congresomasculinidades2.umh.es\/files\/2019\/03\/Imagen-28.png\"><img class=\"alignnone size-medium wp-image-1299\" title=\"Unidad de igualdad Universitat d'Alacant\" src=\"https:\/\/congresomasculinidades2.umh.es\/files\/2019\/03\/Imagen-28-300x131.png\" width=\"300\" height=\"131\" \/><\/a><\/p>\r\n<p style=\"text-align: center;\"><a href=\"https:\/\/congresomasculinidades2.umh.es\/files\/2019\/03\/Imagen-29.png\"><img class=\"alignnone size-medium wp-image-1298\" title=\"Homes valencians per la igualtat\" src=\"https:\/\/congresomasculinidades2.umh.es\/files\/2019\/03\/Imagen-29-300x157.png\" width=\"300\" height=\"157\" \/><\/a><a href=\"https:\/\/congresomasculinidades2.umh.es\/files\/2019\/03\/Imagen-30.png\"><img class=\"alignnone size-medium wp-image-1297\" title=\"Asociaci\u00f3n de hombres por la igualdad de g\u00e9nero AHIGE\" src=\"https:\/\/congresomasculinidades2.umh.es\/files\/2019\/03\/Imagen-30-300x95.png\" width=\"300\" height=\"95\" \/><\/a><\/p>\r\n<p style=\"text-align: center;\"><a href=\"https:\/\/congresomasculinidades2.umh.es\/files\/2019\/03\/Imagen-31.png\"><img class=\"alignnone size-medium wp-image-1296\" title=\"Escola de pensament feminista Amelia Valc\u00e1rcel\" src=\"https:\/\/congresomasculinidades2.umh.es\/files\/2019\/03\/Imagen-31-300x169.png\" width=\"300\" height=\"169\" \/><\/a><a href=\"https:\/\/congresomasculinidades2.umh.es\/files\/2019\/03\/Imagen-32.png\"><img class=\"alignnone size-medium wp-image-1295\" title=\"Asociaci\u00f3n de mujeres vecinales de Elche\" src=\"https:\/\/congresomasculinidades2.umh.es\/files\/2019\/03\/Imagen-32-300x160.png\" width=\"300\" height=\"160\" \/><\/a><\/p>\r\n<p style=\"text-align: center;\"><a href=\"https:\/\/congresomasculinidades2.umh.es\/files\/2019\/03\/Imagen-33.png\"><img class=\"alignnone size-medium wp-image-1294\" title=\"IUIEG Instituto de investigaci\u00f3n de estudios de g\u00e9nero\" src=\"https:\/\/congresomasculinidades2.umh.es\/files\/2019\/03\/Imagen-33-300x75.png\" width=\"300\" height=\"75\" \/><\/a>\u00a0 \u00a0 \u00a0 \u00a0\u00a0<a href=\"https:\/\/congresomasculinidades2.umh.es\/files\/2019\/03\/Imagen-34.png\"><img class=\"alignnone size-medium wp-image-1293\" title=\"Universitat Jaume I Unitat d'igualtat\" src=\"https:\/\/congresomasculinidades2.umh.es\/files\/2019\/03\/Imagen-34-300x148.png\" width=\"300\" height=\"148\" \/><\/a><\/p>\r\n<p style=\"text-align: center;\"><a href=\"https:\/\/congresomasculinidades2.umh.es\/files\/2019\/03\/Imagen-35.png\"><img class=\"alignnone size-medium wp-image-1292\" title=\"Universitat Jaume I Instituto universitario de estudios feministas y de G\u00e9nero Purifiacion Escribano\" src=\"https:\/\/congresomasculinidades2.umh.es\/files\/2019\/03\/Imagen-35-300x40.png\" width=\"300\" height=\"40\" \/><\/a>\u00a0 \u00a0 \u00a0 \u00a0 \u00a0 \u00a0 \u00a0<a href=\"https:\/\/congresomasculinidades2.umh.es\/files\/2019\/03\/Imagen-36.png\"><img class=\"alignnone size-medium wp-image-1291\" title=\"Vniversitat De Val\u00e8ncia Master universitario en G\u00e9nero y Politicas de Igualdad\" src=\"https:\/\/congresomasculinidades2.umh.es\/files\/2019\/03\/Imagen-36-300x51.png\" width=\"300\" height=\"51\" \/><\/a><\/p>\r\n<p style=\"text-align: center;\"><a href=\"https:\/\/congresomasculinidades2.umh.es\/files\/2019\/03\/Imagen-37.png\"><img class=\"alignnone size-medium wp-image-1290\" title=\"CSIF Secretar\u00eda nacional de igualdad y responsabilidad social\" src=\"https:\/\/congresomasculinidades2.umh.es\/files\/2019\/03\/Imagen-37-300x170.png\" width=\"300\" height=\"170\" \/><\/a>\u00a0 \u00a0 \u00a0 \u00a0\u00a0<a href=\"https:\/\/congresomasculinidades2.umh.es\/files\/2019\/01\/Imagen-38_1.png\"><img class=\"alignnone size-medium wp-image-1346\" title=\"CSIF Secci\u00f3n sindical CSIF de la Universidad Miguel Hern\u00e1ndez\" src=\"https:\/\/congresomasculinidades2.umh.es\/files\/2019\/01\/Imagen-38_1-300x161.png\" width=\"300\" height=\"161\" \/><\/a><\/p>\r\n<p style=\"text-align: center;\"><a href=\"https:\/\/congresomasculinidades2.umh.es\/files\/2019\/01\/Imagen-39_1.png\"><img class=\"alignnone size-medium wp-image-1347\" title=\"Secci\u00f3n Sindical UGT de la Universidad Miguel hern\u00e1ndez\" src=\"https:\/\/congresomasculinidades2.umh.es\/files\/2019\/01\/Imagen-39_1-300x132.png\" width=\"300\" height=\"132\" \/><\/a>\u00a0 \u00a0 \u00a0 \u00a0 \u00a0 \u00a0<a href=\"https:\/\/congresomasculinidades2.umh.es\/files\/2019\/01\/Imagen-40_1.png\"><img class=\"alignnone size-medium wp-image-1348\" title=\"Seccion Sindical SEP de la Universidad Miguel hern\u00e1ndez\" src=\"https:\/\/congresomasculinidades2.umh.es\/files\/2019\/01\/Imagen-40_1-300x87.png\" width=\"300\" height=\"87\" \/><\/a><\/p>\r\n<p style=\"text-align: center;\"><a href=\"https:\/\/congresomasculinidades2.umh.es\/files\/2019\/01\/Imagen-41_1.png\"><img class=\"alignnone size-medium wp-image-1349\" title=\"Seccion sindical CC.OO. Universidad Miguel Hern\u00e1ndez\" src=\"https:\/\/congresomasculinidades2.umh.es\/files\/2019\/01\/Imagen-41_1-300x114.png\" width=\"300\" height=\"114\" \/><\/a>\u00a0 \u00a0 \u00a0 \u00a0<a href=\"https:\/\/congresomasculinidades2.umh.es\/files\/2019\/03\/Imagen-42.png\"><img class=\"alignnone size-full wp-image-1285\" title=\"AMFAR Alicante\" src=\"https:\/\/congresomasculinidades2.umh.es\/files\/2019\/03\/Imagen-42.png\" width=\"232\" height=\"204\" \/><\/a><a href=\"https:\/\/congresomasculinidades2.umh.es\/files\/2019\/01\/b18f596a-2724-4650-a08e-453b2c028145.jpg\"><img class=\"alignnone size-full wp-image-1360\" title=\"Cefire Educaci\u00f3 Inclusiva\" src=\"https:\/\/congresomasculinidades2.umh.es\/files\/2019\/01\/b18f596a-2724-4650-a08e-453b2c028145.jpg\" width=\"1024\" height=\"311\" \/><\/a><\/p>\r\n<p style=\"text-align: center;\"><a href=\"https:\/\/congresomasculinidades2.umh.es\/files\/2019\/01\/alacant.png\"><img class=\"alignnone size-full wp-image-1362\" title=\"Concejal\u00eda de igualdad de Alicante\" src=\"https:\/\/congresomasculinidades2.umh.es\/files\/2019\/01\/alacant.png\" width=\"300\" height=\"225\" \/><\/a><a href=\"https:\/\/congresomasculinidades2.umh.es\/files\/2019\/01\/LogoCECOVA-Alicante-Vertical-Centrado.png\"><img class=\"alignnone size-medium wp-image-1365\" title=\"CECOVA Colegio Oficial de Enfermer\u00eda Alicante\" src=\"https:\/\/congresomasculinidades2.umh.es\/files\/2019\/01\/LogoCECOVA-Alicante-Vertical-Centrado-300x205.png\" width=\"300\" height=\"205\" \/><\/a><\/p>\r\n\u00a0\r\n\r\n\u00a0","_et_gb_content_width":"","_links_to":"","_links_to_target":""},"yoast_head":"<!-- This site is optimized with the Yoast SEO plugin v17.5 - https:\/\/yoast.com\/wordpress\/plugins\/seo\/ -->\n<title>COL\u00b7LABORA - CIMASCIGUAL II<\/title>\n<meta name=\"robots\" content=\"index, follow, max-snippet:-1, max-image-preview:large, max-video-preview:-1\" \/>\n<link rel=\"canonical\" href=\"https:\/\/congresomasculinidades2.umh.es\/ca\/valencia-colabora\/\" \/>\n<meta property=\"og:locale\" content=\"ca_ES\" \/>\n<meta property=\"og:type\" content=\"article\" \/>\n<meta property=\"og:title\" content=\"COL\u00b7LABORA - CIMASCIGUAL II\" \/>\n<meta property=\"og:url\" content=\"https:\/\/congresomasculinidades2.umh.es\/ca\/valencia-colabora\/\" \/>\n<meta property=\"og:site_name\" content=\"CIMASCIGUAL II\" \/>\n<meta property=\"article:modified_time\" content=\"2022-06-22T11:21:20+00:00\" \/>\n<meta name=\"twitter:card\" content=\"summary_large_image\" \/>\n<meta name=\"twitter:label1\" content=\"Temps estimat de lectura\" \/>\n\t<meta name=\"twitter:data1\" content=\"1 minut\" \/>\n<script type=\"application\/ld+json\" class=\"yoast-schema-graph\">{\"@context\":\"https:\/\/schema.org\",\"@graph\":[{\"@type\":\"WebSite\",\"@id\":\"https:\/\/congresomasculinidades2.umh.es\/#website\",\"url\":\"https:\/\/congresomasculinidades2.umh.es\/\",\"name\":\"CIMASCIGUAL II\",\"description\":\"Universidad Miguel Hern\\u00e1ndez de Elche\",\"potentialAction\":[{\"@type\":\"SearchAction\",\"target\":{\"@type\":\"EntryPoint\",\"urlTemplate\":\"https:\/\/congresomasculinidades2.umh.es\/?s={search_term_string}\"},\"query-input\":\"required name=search_term_string\"}],\"inLanguage\":\"ca\"},{\"@type\":\"WebPage\",\"@id\":\"https:\/\/congresomasculinidades2.umh.es\/ca\/valencia-colabora\/#webpage\",\"url\":\"https:\/\/congresomasculinidades2.umh.es\/ca\/valencia-colabora\/\",\"name\":\"COL\\u00b7LABORA - CIMASCIGUAL II\",\"isPartOf\":{\"@id\":\"https:\/\/congresomasculinidades2.umh.es\/#website\"},\"datePublished\":\"2022-03-09T12:32:08+00:00\",\"dateModified\":\"2022-06-22T11:21:20+00:00\",\"breadcrumb\":{\"@id\":\"https:\/\/congresomasculinidades2.umh.es\/ca\/valencia-colabora\/#breadcrumb\"},\"inLanguage\":\"ca\",\"potentialAction\":[{\"@type\":\"ReadAction\",\"target\":[\"https:\/\/congresomasculinidades2.umh.es\/ca\/valencia-colabora\/\"]}]},{\"@type\":\"BreadcrumbList\",\"@id\":\"https:\/\/congresomasculinidades2.umh.es\/ca\/valencia-colabora\/#breadcrumb\",\"itemListElement\":[{\"@type\":\"ListItem\",\"position\":1,\"name\":\"Portada\",\"item\":\"https:\/\/congresomasculinidades2.umh.es\/ca\/\"},{\"@type\":\"ListItem\",\"position\":2,\"name\":\"COL\\u00b7LABORA\"}]}]}<\/script>\n<!-- \/ Yoast SEO plugin. -->","yoast_head_json":{"title":"COL\u00b7LABORA - CIMASCIGUAL II","robots":{"index":"index","follow":"follow","max-snippet":"max-snippet:-1","max-image-preview":"max-image-preview:large","max-video-preview":"max-video-preview:-1"},"canonical":"https:\/\/congresomasculinidades2.umh.es\/ca\/valencia-colabora\/","og_locale":"ca_ES","og_type":"article","og_title":"COL\u00b7LABORA - CIMASCIGUAL II","og_url":"https:\/\/congresomasculinidades2.umh.es\/ca\/valencia-colabora\/","og_site_name":"CIMASCIGUAL II","article_modified_time":"2022-06-22T11:21:20+00:00","twitter_card":"summary_large_image","twitter_misc":{"Temps estimat de lectura":"1 minut"},"schema":{"@context":"https:\/\/schema.org","@graph":[{"@type":"WebSite","@id":"https:\/\/congresomasculinidades2.umh.es\/#website","url":"https:\/\/congresomasculinidades2.umh.es\/","name":"CIMASCIGUAL II","description":"Universidad Miguel Hern\u00e1ndez de Elche","potentialAction":[{"@type":"SearchAction","target":{"@type":"EntryPoint","urlTemplate":"https:\/\/congresomasculinidades2.umh.es\/?s={search_term_string}"},"query-input":"required name=search_term_string"}],"inLanguage":"ca"},{"@type":"WebPage","@id":"https:\/\/congresomasculinidades2.umh.es\/ca\/valencia-colabora\/#webpage","url":"https:\/\/congresomasculinidades2.umh.es\/ca\/valencia-colabora\/","name":"COL\u00b7LABORA - CIMASCIGUAL II","isPartOf":{"@id":"https:\/\/congresomasculinidades2.umh.es\/#website"},"datePublished":"2022-03-09T12:32:08+00:00","dateModified":"2022-06-22T11:21:20+00:00","breadcrumb":{"@id":"https:\/\/congresomasculinidades2.umh.es\/ca\/valencia-colabora\/#breadcrumb"},"inLanguage":"ca","potentialAction":[{"@type":"ReadAction","target":["https:\/\/congresomasculinidades2.umh.es\/ca\/valencia-colabora\/"]}]},{"@type":"BreadcrumbList","@id":"https:\/\/congresomasculinidades2.umh.es\/ca\/valencia-colabora\/#breadcrumb","itemListElement":[{"@type":"ListItem","position":1,"name":"Portada","item":"https:\/\/congresomasculinidades2.umh.es\/ca\/"},{"@type":"ListItem","position":2,"name":"COL\u00b7LABORA"}]}]}},"_links":{"self":[{"href":"https:\/\/congresomasculinidades2.umh.es\/ca\/wp-json\/wp\/v2\/pages\/4114"}],"collection":[{"href":"https:\/\/congresomasculinidades2.umh.es\/ca\/wp-json\/wp\/v2\/pages"}],"about":[{"href":"https:\/\/congresomasculinidades2.umh.es\/ca\/wp-json\/wp\/v2\/types\/page"}],"author":[{"embeddable":true,"href":"https:\/\/congresomasculinidades2.umh.es\/ca\/wp-json\/wp\/v2\/users\/3158"}],"replies":[{"embeddable":true,"href":"https:\/\/congresomasculinidades2.umh.es\/ca\/wp-json\/wp\/v2\/comments?post=4114"}],"version-history":[{"count":0,"href":"https:\/\/congresomasculinidades2.umh.es\/ca\/wp-json\/wp\/v2\/pages\/4114\/revisions"}],"wp:attachment":[{"href":"https:\/\/congresomasculinidades2.umh.es\/ca\/wp-json\/wp\/v2\/media?parent=4114"}],"curies":[{"name":"wp","href":"https:\/\/api.w.org\/{rel}","templated":true}]}}