{"id":4072,"date":"2022-03-09T12:32:40","date_gmt":"2022-03-09T11:32:40","guid":{"rendered":"https:\/\/congresomasculinidades2.umh.es\/programa\/"},"modified":"2022-07-08T12:28:58","modified_gmt":"2022-07-08T10:28:58","slug":"programa","status":"publish","type":"page","link":"https:\/\/congresomasculinidades2.umh.es\/ca\/programa\/","title":{"rendered":"PROGRAMA"},"content":{"rendered":"<p>[et_pb_section fb_built=&#8221;1&#8243; _builder_version=&#8221;4.16&#8243; background_color=&#8221;#000000&#8243; custom_padding=&#8221;0px||0px|||&#8221; global_colors_info=&#8221;{}&#8221;][et_pb_row _builder_version=&#8221;4.16&#8243; global_colors_info=&#8221;{}&#8221;][et_pb_column type=&#8221;4_4&#8243; _builder_version=&#8221;4.16&#8243; global_colors_info=&#8221;{}&#8221;][et_pb_image src=&#8221;https:\/\/congresomasculinidades2.umh.es\/files\/2022\/03\/II-cabecera-val.png&#8221; alt=&#8221;Segundo Congreso Internacional Sobre Masculinidades e Igualdad Educaci\u00f3n para la igualdad y Co(Educaci\u00f3n)&#8221; url=&#8221;https:\/\/congresomasculinidades2.umh.es\/ca\/&#8221; _builder_version=&#8221;4.16&#8243; global_colors_info=&#8221;{}&#8221;][\/et_pb_image][\/et_pb_column][\/et_pb_row][\/et_pb_section][et_pb_section fb_built=&#8221;1&#8243; fullwidth=&#8221;on&#8221; _builder_version=&#8221;4.16&#8243; global_colors_info=&#8221;{}&#8221;][et_pb_fullwidth_menu menu_id=&#8221;7135&#8243; fullwidth_menu=&#8221;off&#8221; active_link_color=&#8221;#E76996&#8243; _builder_version=&#8221;4.16&#8243; menu_font=&#8221;|700||on|||||&#8221; menu_text_color=&#8221;#FFFFFF&#8221; menu_font_size=&#8221;14pt&#8221; background_color=&#8221;#3A3B3D&#8221; text_orientation=&#8221;center&#8221; border_color_all=&#8221;#E02B20&#8243; global_colors_info=&#8221;{}&#8221; border_width_all__hover_enabled=&#8221;off|hover&#8221; menu_text_color__hover_enabled=&#8221;on|hover&#8221; menu_text_color__hover=&#8221;#E76996&#8243;][\/et_pb_fullwidth_menu][\/et_pb_section][et_pb_section fb_built=&#8221;1&#8243; _builder_version=&#8221;4.16&#8243; global_colors_info=&#8221;{}&#8221;][et_pb_row _builder_version=&#8221;4.16&#8243; global_colors_info=&#8221;{}&#8221;][et_pb_column type=&#8221;4_4&#8243; _builder_version=&#8221;4.16&#8243; global_colors_info=&#8221;{}&#8221;][et_pb_text _builder_version=&#8221;4.16&#8243; text_font=&#8221;||||||||&#8221; header_text_color=&#8221;#000000&#8243; header_2_font=&#8221;|700|||||||&#8221; header_2_text_color=&#8221;#324C20&#8243; header_2_font_size=&#8221;33px&#8221; custom_padding=&#8221;||0px|||&#8221; global_colors_info=&#8221;{}&#8221;]<\/p>\n<h1 style=\"text-align: center\"><span style=\"color: #333333\"><b>PROGRAMA<\/b><\/span><\/h1>\n<p>&nbsp;<\/p>\n<p>&nbsp;<\/p>\n<h2 style=\"text-align: center\"><span style=\"color: #333333\"><b>II CONGR\u00c9S INTERNACIONAL SOBRE MASCULINITATS I IGUALTAT: EDUCACI\u00d3 PER A LA IGUALTAT I CO(EDUCACI\u00d3).<\/b><\/span><\/h2>\n<h2 style=\"text-align: center\"><span style=\"color: #333333\"><b>(CIMASCIGUAL II)<\/b><\/span><\/h2>\n<p>&nbsp;<\/p>\n<h3 style=\"text-align: center\"><strong><span style=\"color: #333333\">DATES:<\/span><span style=\"color: #800080\"> DIJOUS 20, DIVENDRES 21 i DISSABTE 22 d\u2019OCTUBRE 2022<\/span><\/strong><\/h3>\n<h3 style=\"text-align: center\"><strong><span style=\"color: #333333\">LLOC: <\/span><span style=\"color: #800080\">CENTRE DE CONGRESSOS \u201cCIUTAT D\u2019ELX\u201d<\/span><\/strong><\/h3>\n<p>&nbsp;<\/p>\n<h3 style=\"text-align: center\"><strong><span style=\"color: #333333\">ORGANITZA: <\/span><span style=\"color: #800080\">UNIVERSITAT MIGUEL HERN\u00c1NDEZ D\u2019ELX.<\/span><\/strong><\/h3>\n<h3 style=\"text-align: center\"><strong><span style=\"color: #800080\">OBSERVATORI DE LES MASCULINITATS. ECULGE.<\/span><\/strong><\/h3>\n<p>[\/et_pb_text][et_pb_divider show_divider=&#8221;off&#8221; _builder_version=&#8221;4.16&#8243; global_colors_info=&#8221;{}&#8221;][\/et_pb_divider][et_pb_text _builder_version=&#8221;4.17.4&#8243; hover_enabled=&#8221;0&#8243; inline_fonts=&#8221;Abel&#8221; global_colors_info=&#8221;{}&#8221; sticky_enabled=&#8221;0&#8243;]<\/p>\n<h2 style=\"text-align: center\"><span style=\"font-size: x-large;color: #ff99cc\"><strong>DIJOUS 20 OCTUBRE 2022. <\/strong><\/span><span style=\"color: #ff99cc;font-size: x-large\"><strong>MAT\u00cd:<\/strong><\/span><\/h2>\n<h3 style=\"text-align: center\"><span style=\"font-size: large\"><strong><span style=\"color: #800080\">Lloc de celebraci\u00f3: Auditori. Centre de congressos \u201cCiutat d\u2019Elx\u201d<\/span><\/strong><\/span><\/h3>\n<p>&nbsp;<\/p>\n<p style=\"text-align: justify\"><span style=\"font-size: large\">9:00-10:00h <strong>ARREPLEGA MATERIALS I ACREDITACIONS.<\/strong><\/span><\/p>\n<p>&nbsp;<\/p>\n<p style=\"text-align: justify\"><span style=\"font-size: large\">10:00-11:00h<strong> ACTE D\u2019INAUGURACI\u00d3.<\/strong><\/span><\/p>\n<p>&nbsp;<\/p>\n<p style=\"text-align: justify\"><span style=\"font-size: large\">11:00-11:30h <strong>AVAN\u00c7 RESULTATS INVESTIGACIONS.<\/strong><\/span><\/p>\n<p style=\"padding-left: 30px;text-align: justify\"><span style=\"text-decoration: underline;font-size: large\"><strong>Ponent: <\/strong><\/span><span style=\"font-size: large\">Dr. Joan Sanf\u00e9lix. Universitat Jaume I de Castell\u00f3.<\/span><\/p>\n<p>&nbsp;<\/p>\n<p style=\"text-align: justify\"><span style=\"font-size: large\">11:30-12:00h <strong>PAUSA CAF\u00c9.<\/strong><\/span><\/p>\n<p style=\"text-align: justify\"><span style=\"font-size: large\">12:00-13:30h <strong>CONFER\u00c8NCIA INAUGURAL: \u201cI USED TO BE A BOY TOO: CRITICAL REFLECTIONS ON THE POLITICS AND CONTRADICTIONS OF BOYHOOD, MANHOOD, AND MASCULINITIES\u201d.<\/strong><\/span><\/p>\n<p style=\"padding-left: 30px;text-align: justify\"><span style=\"font-size: large\"><strong><span style=\"text-decoration: underline\">Conferenciant:<\/span><\/strong> Jeff Hearn. Hanken School of Economics, Finland; University of Huddersfield, UK; \u00d6rebro University, Sweden.<\/span><\/p>\n<p style=\"padding-left: 30px;text-align: justify\"><span style=\"font-size: large\"><span style=\"text-decoration: underline\"><strong>Presenta i modera:<\/strong><\/span> Krizia Nardini. Universitat d\u2019Alacant.<\/span><\/p>\n<p>&nbsp;<\/p>\n<p style=\"text-align: justify\"><span style=\"font-size: large\">13:30-14:00h <strong>OBSERVATORI DE LES MASCULINITATS (UMH): ACTIVITATS, XARXES I PROPOSTES.<\/strong><\/span><\/p>\n<p style=\"padding-left: 30px;text-align: justify\"><span style=\"text-decoration: underline;font-size: large\"><strong>Ponent: <\/strong><\/span><span style=\"font-size: large\">Anastasia T\u00e9llez. Universitat Miguel Hern\u00e1ndez d\u2019Elx.<\/span><\/p>\n<p>&nbsp;<\/p>\n<h2 style=\"text-align: center\"><span style=\"font-size: x-large;color: #ff99cc\"><strong>DIJOUS 20 OCTUBRE 2022.<\/strong><\/span><span style=\"color: #ff99cc;font-size: x-large\"><strong>VESPRADA:<\/strong><\/span><\/h2>\n<p style=\"text-align: center\"><span style=\"color: #800080;font-size: large\"><strong>Auditori, sala 1, sala 2 i sala de confer\u00e8ncies del Centre de congressos \u201cCiutat d\u2019Elx\u201d<\/strong><\/span><\/p>\n<p>&nbsp;<\/p>\n<p style=\"text-align: justify\"><span style=\"font-size: large\">16:00-18:00h: <strong>SESSIONS CIENT\u00cdFIQUES PARAL\u00b7LELES<\/strong><\/span><\/p>\n<ul style=\"text-align: justify\">\n<li style=\"margin-left: 30px\"><span style=\"font-size: large\"><strong>SESSI\u00d3 CIENT\u00cdFICA 1. <span style=\"color: #800080\">Lloc: Auditori.<\/span> ABORDAJE DE LA MASCULINIDAD EN LA ACCI\u00d3N SOCIOEDUCATIVA: PREVENCI\u00d3N DE VIOLENCIAS, EXPERIENCIAS Y BUENAS PR\u00c1CTICAS.<br \/><span style=\"text-decoration: underline\">Coordinen:<\/span>:<\/strong> Beatriz Ranea (Universidad Complutense de Madrid), Franches Belenguer (RHxI), M\u00aa Jes\u00fas Navarro (Universitat Miguel Hern\u00e1ndez) i Juan Lillo (Soci\u00f2leg expert en coeducaci\u00f3).<\/span><\/li>\n<\/ul>\n<p>&nbsp;<\/p>\n<ul style=\"text-align: justify\">\n<li style=\"margin-left: 30px\"><span style=\"font-size: large\"><strong>SESSI\u00d3 CIENT\u00cdFICA 2. <span style=\"color: #800080\">Lloc: sala 1.<\/span> EL APRENDIZAJE Y LA TRANSMISI\u00d3N DE LA MASCULINIDAD TRADICIONAL<br \/><span style=\"text-decoration: underline\">Coordinen:<\/span><\/strong> Iv\u00e1n Sambade (Universidad de Valladolid), Joan Sanf\u00e9lix (Universitat Jaume I de Castell\u00f3) i Tatiana Moura (Universidade de Coimbra, Portugal).<\/span><\/li>\n<\/ul>\n<p>&nbsp;<\/p>\n<ul style=\"text-align: justify\">\n<li style=\"margin-left: 30px\"><span style=\"font-size: large\"><strong>SESSI\u00d3 CIENT\u00cdFICA 3. <span style=\"color: #800080\">Lloc: sala 2.<\/span>. PR\u00c1CTICAS Y REALIDADES MASCULINAS DESDE UNA MIRADA INTERSECCIONAL E INCLUSIVA.<\/strong><\/span><br \/><span style=\"font-size: large\"> <span style=\"text-decoration: underline\"><strong>Coordinan:<\/strong><\/span> Bego\u00f1a Enguix (Universitat Oberta de Catalunya), Paco Abril (Universitat de Girona) i Salvador Vidal (American University, Washington, DC, EEUU).<\/span><\/li>\n<\/ul>\n<p>&nbsp;<\/p>\n<ul style=\"text-align: justify\">\n<li style=\"margin-left: 30px\"><span style=\"font-size: large\"><strong>SESSI\u00d3 CIENT\u00cdFICA 4. <span style=\"color: #800080\">Lloc: sala de confer\u00e8ncies.<\/span> EDUCANDO PARA LA CORRESPONSABILIDAD Y EL CUIDADO DESDE LAS MASCULINIDADES IGUALITARIAS<br \/><span style=\"text-decoration: underline\">Coordinen:<\/span><\/strong> Alejandra Salguero (UNAM, M\u00e9xico), Ritxar Bacete (Equimundo. Center for Masculinities &amp; Social Justice) i Fina Ant\u00f3n (Universidad de Murcia).<\/span><\/li>\n<\/ul>\n<p style=\"text-align: justify\"><span style=\"font-size: large\">18:00-18:30h <strong>PAUSA CAF\u00c9<\/strong><\/span><\/p>\n<p><span style=\"font-size: large\">18:30h-19:30h <strong>TAULA REDONA INSTITUCIONAL. Masculinitat i educaci\u00f3 des de l\u2019administraci\u00f3: el cas de la Generalitat Valenciana<\/strong><\/span><\/p>\n<ul>\n<li><span style=\"font-size: large\"><strong>Alex Boix del Olmo. La incorporaci\u00f3 de la q\u00fcesti\u00f3 masculina al nou decret d\u2019Igualtat i Conviv\u00e8ncia.<\/strong><br \/>Cap de secci\u00f3 d&#8217;Igualtat, Conviv\u00e8ncia i compensaci\u00f3 de les desigualtats del Servei d\u2019Inclusi\u00f3 Educativa de la D.G. d\u2019 Inclusi\u00f3 Educativa. <\/p>\n<p><\/span><\/li>\n<li><span style=\"font-size: large\"><strong>Natividad Fajardo Palomo. Programa Coeducacentres.<\/strong><br \/>Directora del Pla Director de Coeducaci\u00f3.\n<p><\/span><\/li>\n<li><span style=\"font-size: large\"><strong>Rub\u00e9n Mateo P\u00e9rez. La formaci\u00f3 destinada a les persones Coordinadores d&#8217;igualtat i Conviv\u00e8ncia en els centres educatius.<\/strong><br \/>Coordinador de la formaci\u00f3 destinada a les persones Coordinadores d&#8217;Igualtat i Conviv\u00e8ncia en els centres educatius. Subdirecci\u00f3 General de la Formaci\u00f3 de Professorat.\n<p><\/span><\/li>\n<li><span style=\"font-size: large\"><strong>Ana Domenech Almendros. Prevenir la viol\u00e8ncia, feminitzar la societat.<\/strong><br \/>Cap de Servei de Promoci\u00f3 de les Dones i per l\u2019Igualtat de G\u00e8nere. Direcci\u00f3 General de l\u2019Institut Valenci\u00e0 de les Dones.\n<p><\/span><\/li>\n<\/ul>\n<p style=\"text-align: justify\"><span style=\"font-size: large\">19:30h-20:30h <strong>PROGRAMACI\u00d3 D\u2019ACTIVITATS CULTURALS <\/strong><\/span><strong style=\"text-align: center;font-size: large\"><span style=\"color: #800080\">Lloc de celebraci\u00f3: Auditori. Centre de congressos \u201cCiutat d\u2019Elx\u201d<\/span><\/strong><\/p>\n<p style=\"text-align: justify;padding-left: 30px\"><span style=\"font-size: large\"><span style=\"text-decoration: underline\"><strong>Coordina i presenta:<\/strong><\/span> Joaquim Montaner. Observatori de les Masculinitats (UMH). Fundaci\u00f3 Iniciativa Social.<\/span><\/p>\n<p>&nbsp;<\/p>\n<p style=\"text-align: justify\"><span style=\"font-size: large\">20:30-21:30h <strong>RECEPCI\u00d3 I VI D\u2019HONOR.<\/strong><\/span><\/p>\n<p style=\"text-align: justify\"><span style=\"font-size: large\">21:30-22:30h <strong>BALL<\/strong><\/span><\/p>\n<p>[\/et_pb_text][et_pb_text _builder_version=&#8221;4.16&#8243; inline_fonts=&#8221;Abel&#8221; global_colors_info=&#8221;{}&#8221;]<\/p>\n<h2 style=\"text-align: center\"><span style=\"font-size: x-large;color: #ff99cc\"><strong>DIVENDRES 21 OCTUBRE 2022 <\/strong><\/span><strong style=\"color: #ff99cc;font-size: x-large\">MAT\u00cd:<\/strong><\/h2>\n<h3 style=\"text-align: center\"><span style=\"font-size: large\"><strong><span style=\"color: #800080\">Lloc de celebraci\u00f3: Auditori. Centre de congressos \u201cCiutat d\u2019Elx\u201d<\/span><\/strong><\/span><\/h3>\n<p>&nbsp;<\/p>\n<p><span style=\"font-size: large\">9:30-11:30h\u00a0<strong><span class=\"c6\">CONFER\u00c8NCIA:\u00a0<\/span><span class=\"c6 c9 c36\">\u201cEDUCAR A LOS NI\u00d1OS EN LA TERNURA Y LA EMPAT\u00cdA\u201d.<\/span>.<\/strong><\/span><\/p>\n<p style=\"padding-left: 30px\"><span style=\"background-color: #ffffff;font-size: large;font-weight: bold\"><span style=\"font-size: 18px\"><span style=\"text-decoration: underline\">Conferenciant:<\/span>:<\/span><\/span><span style=\"font-size: large;background-color: #ffffff\">\u00a0Marina Subirats. Catedr\u00e0tica em\u00e8rita Universitat Aut\u00f2noma de Barcelona.<\/span><\/p>\n<p>&nbsp;<\/p>\n<p><span style=\"background-color: #ffffff;font-size: large;font-weight: bold\"><span class=\"c6 c9 c36\" style=\"font-size: 18px\"><span style=\"font-size: 18px\"><span class=\"c6\" style=\"font-size: 18px\"><span class=\"c6\">CONFER\u00c8NCIA:\u00a0<\/span><span class=\"c6 c36\">\u201c\u00bfQU\u00c9 ES UN HOMBRE DE VERDAD? LA COEDUCACI\u00d3N DE LOS CHICOS EN TIEMPOS REVUELTOS\u201d.<\/span><\/span><\/span><\/span><\/span><\/p>\n<p style=\"padding-left: 30px\"><span style=\"background-color: #ffffff;font-size: large\"><span style=\"font-size: 18px;font-weight: bold\"><span style=\"text-decoration: underline\">Conferenciant:<\/span>:<\/span><\/span><span style=\"font-size: large;background-color: #ffffff\">\u00a0Carlos Lomas. Instituto de Educaci\u00f3n Secundaria n\u00ba1 de Gij\u00f3n.<\/span><\/p>\n<p style=\"padding-left: 30px\"><span style=\"background-color: #ffffff;font-size: large\"><span style=\"font-size: 18px;font-weight: bold\"><span style=\"text-decoration: underline\">Presenta i modera:<\/span>:<\/span><\/span><span style=\"background-color: #ffffff;font-size: large\">\u00a0Anastasia T\u00e9llez. Universitat Miguel Hern\u00e1ndez d\u2019Elx.<\/span><\/p>\n<p>&nbsp;<\/p>\n<p><span style=\"font-size: large;background-color: #ffffff\">11:30-12:00h\u00a0<\/span><span style=\"background-color: #ffffff;font-size: large;font-weight: bold\">PAUSA CAF\u00c9.<\/span><\/p>\n<p><span style=\"font-size: large;background-color: #ffffff\">12:00-14:00h\u00a0<\/span><span style=\"background-color: #ffffff;font-size: large;font-weight: bold\">TAULA REDONA: \u201cEL PAPEL DE LOS MEDIOS DE COMUNICACI\u00d3N: EN BUSCA DE REFERENTES DE MODELOS DE HOMBRES PRO-IGUALITARIOS\u201d.<\/span><\/p>\n<p style=\"padding-left: 30px\"><span style=\"text-decoration: underline;font-size: large\"><span style=\"background-color: #ffffff;font-weight: bold\">Ponents:<\/span><\/span><\/p>\n<ul>\n<li><span style=\"font-size: large;background-color: #ffffff\">Victoria Maso. \u00c0 Punt Media TV.<\/span><\/li>\n<li><span style=\"background-color: #ffffff;font-size: large\">Carolina Pecharrom\u00e1n. TVE. Objetivo Igualdad.<\/span><\/li>\n<li><span style=\"background-color: #ffffff;font-size: large\">Ana Requena. eldiario.es<\/span><\/li>\n<li><span style=\"background-color: #ffffff;font-size: large\">Marta Pastor. RTVE. Ellas pueden. Radio 5.<\/span><\/li>\n<\/ul>\n<p style=\"background-color: #ffffff;font-size: 14px;padding-left: 30px\"><span style=\"font-size: large\"><span style=\"font-size: 18px;font-weight: bold\"><span style=\"text-decoration: underline\">Presenta i modera:<\/span>:<\/span><\/span><span style=\"font-size: large\"> Octavio Salazar. Universidad de C\u00f3rdoba.<\/span><\/p>\n<p>&nbsp;<\/p>\n<h2 style=\"text-align: center\"><span style=\"font-size: x-large;color: #ff99cc\"><strong>DIVENDRES 21 OCTUBRE 2022. <\/strong><\/span><span style=\"font-size: x-large;color: #ff99cc\"><span style=\"font-size: 24px;font-weight: bold\">VESPRADA:<\/span><\/span><\/h2>\n<p style=\"text-align: center\"><span style=\"background-color: #ffffff;font-size: large;font-weight: bold;color: #800080;text-align: center\">Lloc de celebraci\u00f3: Auditori. Centre de congressos \u201cCiutat d\u2019Elx\u201d<\/span><\/p>\n<p>&nbsp;<\/p>\n<p><span style=\"font-size: large\">16:00-17:00h<strong>\u00a0<span class=\"c6\">CONFER\u00c8NCI<\/span><span class=\"c6 c9\">A:\u00a0<\/span><span class=\"c6 c9 c36\">\u201cMASCULINIDADES, G\u00c9NERO Y DIVERSIDAD SEXUAL\u201d.<\/span><\/strong><\/span><\/p>\n<p style=\"padding-left: 30px\"><span style=\"background-color: #ffffff;font-size: large\"><span style=\"font-size: 18px;font-weight: bold\"><span style=\"text-decoration: underline\">Conferenciant:<\/span>:<\/span><\/span><span style=\"font-size: large;background-color: #ffffff\">\u00a0Pendent de confirmar<\/span><\/p>\n<p style=\"padding-left: 30px\"><span style=\"background-color: #ffffff;font-size: large\"><span style=\"font-size: 18px;font-weight: bold\"><span style=\"text-decoration: underline\">Presenta i modera:<\/span>:<\/span><\/span><span style=\"font-size: large;background-color: #ffffff\">\u00a0Jorge Cascales. Universitat de Val\u00e8ncia.<\/span><\/p>\n<p>&nbsp;<\/p>\n<p><span style=\"font-size: large;background-color: #ffffff\">17:00-19:00h\u00a0<\/span><span style=\"background-color: #ffffff;font-size: large;font-weight: bold\">SESSIONS CIENT\u00cdFIQUES PARAL\u00b7LELES<\/span><\/p>\n<p style=\"text-align: center\"><span style=\"background-color: #ffffff;font-size: large;font-weight: bold;color: #800080;text-align: center\">Auditori, sala 1, sala 2 i sala de confer\u00e8ncies del Centre de congressos \u201cCiutat d\u2019Elx\u201d<\/span><\/p>\n<ul>\n<li style=\"margin-left: 30px;font-size: 14px;text-align: justify\"><span style=\"font-size: large\"><span style=\"font-size: 18px;font-weight: bold\"><span style=\"font-size: 18px\">SESSI\u00d3 CIENT\u00cdFICA 5.<\/span>\u00a0<span style=\"font-size: 18px;color: #800080\">Lloc: Auditori.<\/span> REPRESENTACIONS CULTURALS DE MASCULINITAT: EDUCANT DES DE LA LITERATURA, EL CINEMA, LA M\u00daSICA I ELS MITJANS DE COMUNICACI\u00d3 DE MASSES<\/span><\/span><span style=\"font-size: large\"><span style=\"font-size: 18px;font-weight: bold\"><br \/><strong><span style=\"text-decoration: underline\">Coordinen:<\/span><\/strong>:<\/span>\u00a0Carmelo Hern\u00e1ndez (Universitat d\u2019Alacant), Jorge Garc\u00eda (Universidad Santiago de Compostela), Josep M\u00aa Armegol (Universidad de Castilla La Mancha) i Rebeca de las Heras (Observatori de les Masculinitats UMH).<\/span><\/li>\n<\/ul>\n<p>&nbsp;<\/p>\n<ul>\n<li style=\"margin-left: 30px;font-size: 14px;text-align: justify\"><span style=\"font-size: large\"><span style=\"font-size: 18px;font-weight: bold\"><span style=\"font-size: 18px\">SESSI\u00d3 CIENT\u00cdFICA 6.<\/span>\u00a0<span style=\"font-size: 18px;color: #800080\">Lloc: sala 1.<\/span>\u00a0<span class=\"c6 c36\">ACTIVISME, (CO)EDUCACI\u00d3 I IGUALTAT: TRANSFORMANT MASCULINITATS DES DE LA SOCIETAT CIVIL.<\/span><span class=\"c3 c30\">\u00a0<\/span><br \/><span style=\"font-size: 18px\"><strong><span style=\"text-decoration: underline\">Coordinen:<\/span><\/strong>:<\/span><\/span> <span class=\"c7\">Joaquim Montaner (Observatori de les Masculinitats. UMH.FIS.), Erick Pescador (CEGMI), Miguel L\u00e1zaro (Masculinidades Beta) i <\/span><span class=\"c8\">Lionel S. Delgado (Universitat de Barcelona). <\/span><span class=\"c7 c21 c42\">(Universidad de Barcelona). \u00a0<\/span><\/span><\/li>\n<\/ul>\n<p>&nbsp;<\/p>\n<ul>\n<li style=\"margin-left: 30px;font-size: 14px;text-align: justify\"><span style=\"font-size: large\"><span style=\"font-size: 18px;font-weight: bold\"><span style=\"font-size: 18px\">SESSI\u00d3 CIENT\u00cdFICA 7.<\/span>\u00a0<span style=\"font-size: 18px;color: #800080\">Lloc: sala 2.<\/span>. CAP A UNA INTERVENCI\u00d3 SOCIOEDUCATIVA AMB HOMES: VULNERABILITAT SOCIAL, SALUT Y FRAC\u00c0S MASCUL\u00cd EN LA ERA DEL COVID-19.<\/span><\/span><br \/><span style=\"font-size: large\"><span style=\"font-size: 18px\"><span style=\"font-size: 18px;font-weight: bold\"><strong><span style=\"text-decoration: underline\">Coordinen:<\/span><\/strong>:<\/span><\/span>\u00a0<span class=\"c3 c9\">Bakea Alonso (CEPAIM),\u00a0<\/span><span class=\"c3\">Jorge Cascales (Universitat de Val\u00e8<\/span><span class=\"c3 c9\">ncia), Dr. Benno de Keijzer (Universidad Veracruzana, M\u00e9xico) y\u00a0<\/span><span class=\"c3\">Dr. Juan Blanco (Universidad Pablo Olavide, Sevilla)<\/span><span class=\"c3 c9\">.<\/span><\/span><\/li>\n<\/ul>\n<p>&nbsp;<\/p>\n<ul>\n<li style=\"margin-left: 30px;font-size: 14px;text-align: justify\"><span style=\"font-size: large\"><span style=\"font-size: 18px;font-weight: bold\"><span style=\"font-size: 18px\">SESSI\u00d3 CIENT\u00cdFICA 8: <\/span>\u00a0<span style=\"font-size: 18px;color: #800080\">Lloc: sala de confer\u00e8ncies.<\/span>\u00a0NOUS ENFOCAMENTS EDUCATIUS PER A HOMES EN ALTRES \u00c0MBITS: RELIGI\u00d3, ESPORT, COS, OCI, ETC.<br \/><span style=\"font-size: 18px\"><strong><span style=\"text-decoration: underline\">Coordinen:<\/span><\/strong>:<\/span><\/span> Dr. Javier Eloy Mart\u00ednez (Universidad de Murcia), Dr. Juan Jos\u00e9 Tamayo (Universidad Carlos III de Madrid), Dr. Jos\u00e9 Luis Anta (Universidad de Ja\u00e9n), i Dr. Fulgencio S\u00e1nchez (Universidad de La Laguna).\u00a0<\/span><\/li>\n<\/ul>\n<p>&nbsp;<\/p>\n<p style=\"text-align: justify\"><span style=\"font-size: large\">19:00-20:00h <strong>RODA D\u2019HOMES CONTRA LES VIOL\u00c8NCIAS DE G\u00c8NERE<\/strong><\/span><\/p>\n<p style=\"text-align: justify\"><span style=\"font-size: large\">20:00-21:00h <strong><span class=\"c6\">PROGRAMACI\u00d3 D\u2019ACTIVITATS CULTURALS<\/span><span class=\"c3\">\u00a0i\u00a0<\/span><span class=\"c6\">REUNI\u00d3 ACTIVISTA HOMES IGUALITARIS.<\/span><\/strong><\/span><\/p>\n<p>[\/et_pb_text][et_pb_divider show_divider=&#8221;off&#8221; _builder_version=&#8221;4.16&#8243; global_colors_info=&#8221;{}&#8221;][\/et_pb_divider][et_pb_text _builder_version=&#8221;4.16&#8243; inline_fonts=&#8221;Abel&#8221; global_colors_info=&#8221;{}&#8221;]<\/p>\n<h2 style=\"text-align: center\"><span style=\"font-size: x-large;color: #ff99cc\"><strong>DISSABTE 22 OCTUBRE 2022. <\/strong><\/span><strong style=\"color: #ff99cc;font-size: x-large\">MAT\u00cd:<\/strong><\/h2>\n<h3 style=\"text-align: center\"><span style=\"font-size: large\"><strong><span style=\"color: #800080\">Lloc de celebraci\u00f3: Auditori. Centre de congressos \u201cCiutat d\u2019Elx\u201d<\/span><\/strong><\/span><\/h3>\n<p>&nbsp;<\/p>\n<p><span style=\"font-size: large\">10:00-11:30h <strong><span class=\"c6\">CONFER\u00c8NCIA DE CLOENDA:<span class=\"c3\">:\u00a0<\/span><span class=\"c6 c30 c9\">&#8220;TO TEACH THE BOYS: EDUCATION FOR A SOCIETY OF GENDER EQUALITY&#8221;.<\/span><\/span>.<\/strong><\/span><\/p>\n<p style=\"padding-left: 30px\"><span style=\"background-color: #ffffff;font-size: large;font-weight: bold\"><span style=\"font-size: 18px\"><span style=\"text-decoration: underline\">Conferenciant:<\/span>:<\/span><\/span><span style=\"font-size: large;background-color: #ffffff\"> <span class=\"c8\">Dra. Raewyn Connell\u00a0<\/span><span class=\"c3\">(Professora em\u00e8rita Universitat de Sydney, Australia)<\/span><span class=\"c8 c48\">\u00a0<\/span><\/span><\/p>\n<p style=\"padding-left: 30px\"><span style=\"background-color: #ffffff;font-size: large\"><span style=\"font-size: 18px;font-weight: bold\"><span style=\"text-decoration: underline\">Presenta i modera:<\/span>:<\/span><\/span><span style=\"background-color: #ffffff;font-size: large\"> Miguel Lorente. Universidad de Granada.<\/span><\/p>\n<p>&nbsp;<\/p>\n<p><span style=\"font-size: large;background-color: #ffffff\">11:30-12:00h\u00a0<\/span><span style=\"background-color: #ffffff;font-size: large;font-weight: bold\">PAUSA CAF\u00c9<\/span><\/p>\n<p><span style=\"font-size: large;background-color: #ffffff\">12:00-14:00h\u00a0<\/span><span style=\"background-color: #ffffff;font-size: large;font-weight: bold\">TAULA REDONA: \u201cAPOSTANT PER EXPERI\u00c8NCIES COEDUCATIVES DES DE LES MASCULINITATS\u201d<\/span><\/p>\n<p style=\"padding-left: 30px\"><span style=\"font-size: large\"><span style=\"background-color: #ffffff;font-weight: bold\">PON\u00c8NCIES:<\/span><\/span><\/p>\n<ul>\n<li><span style=\"font-size: large\">D<\/span><span class=\"c8\" style=\"font-size: large\">. Miguel \u00c1ngel Arconada. Profesor de Educaci\u00f3n\u00a0<\/span><span class=\"c3\" style=\"font-size: large\">Secundaria. <\/span><\/li>\n<li><span style=\"font-size: large\">Dra. Carmen Ruiz Repullo. Universidad de Ja\u00e9n. <\/span><\/li>\n<li><span style=\"font-size: large\">Dr. Enrique Javier D\u00edez. Universidad de Le\u00f3n.<\/span><\/li>\n<li style=\"list-style-type: none\">\n<p style=\"background-color: #ffffff;font-size: 14px;padding-left: 30px\">\n<\/li>\n<\/ul>\n<p style=\"background-color: #ffffff;font-size: 14px;padding-left: 30px\"><span style=\"font-size: large\"><span style=\"font-size: 18px;font-weight: bold\"><span style=\"text-decoration: underline\">Presenta i modera:<\/span><\/span><\/span><span style=\"font-size: large\"> <span style=\"font-size: large;background-color: #ffffff\">D<span class=\"c8\">\u00aa. Encarna Cuenca.<\/span><span class=\"c8 c33\">\u00a0<\/span><span class=\"c3\">Presidenta del Consejo Escolar del Estado.<\/span><\/span><\/span><\/p>\n<p>&nbsp;<\/p>\n<p><span style=\"font-size: large\">14:00-14:30h<strong>\u00a0<span class=\"c6\">CONCLUSIONS<\/span><\/strong><\/span><\/p>\n<p style=\"padding-left: 30px\"><span style=\"background-color: #ffffff;font-size: large\"><span style=\"font-size: 18px;font-weight: bold\"><span style=\"text-decoration: underline\">Ponents:<\/span>: <\/span><\/span><span style=\"font-size: large\">Dr. Javier Eloy Mart\u00ednez. Universidad de Murcia. <\/span><span style=\"font-size: large\">Dr. Joan Sanf\u00e9lix. Universidad Jaume I de Castell\u00f3n.\u00a0<\/span><\/p>\n<p>&nbsp;<\/p>\n<p><span style=\"font-size: large;background-color: #ffffff\">14:30-14:45h\u00a0<\/span><span style=\"background-color: #ffffff;font-size: large;font-weight: bold\">CLOENDA INSTITUCIONAL<\/span><\/p>\n<p style=\"text-align: justify\">[\/et_pb_text][\/et_pb_column][\/et_pb_row][\/et_pb_section][et_pb_section fb_built=&#8221;1&#8243; _builder_version=&#8221;4.16&#8243; global_colors_info=&#8221;{}&#8221;][\/et_pb_section][et_pb_section fb_built=&#8221;1&#8243; disabled_on=&#8221;on|on|on&#8221; _builder_version=&#8221;4.16&#8243; disabled=&#8221;on&#8221; global_colors_info=&#8221;{}&#8221;][et_pb_row _builder_version=&#8221;4.16&#8243; global_colors_info=&#8221;{}&#8221;][et_pb_column type=&#8221;4_4&#8243; _builder_version=&#8221;4.16&#8243; global_colors_info=&#8221;{}&#8221;][:es _i=&#8221;0&#8243; _address=&#8221;4.0.0.0&#8243; \/][:ca _i=&#8221;1&#8243; _address=&#8221;4.0.0.1&#8243; \/][: _i=&#8221;2&#8243; _address=&#8221;4.0.0.2&#8243; \/][\/et_pb_column][\/et_pb_row][\/et_pb_section]<\/p>\n","protected":false},"excerpt":{"rendered":"<p>PROGRAMA &nbsp; &nbsp; II CONGR\u00c9S INTERNACIONAL SOBRE MASCULINITATS I IGUALTAT: EDUCACI\u00d3 PER A LA IGUALTAT I CO(EDUCACI\u00d3). (CIMASCIGUAL II) &nbsp; DATES: DIJOUS 20, DIVENDRES 21 i DISSABTE 22 d\u2019OCTUBRE 2022 LLOC: CENTRE DE CONGRESSOS \u201cCIUTAT D\u2019ELX\u201d &nbsp; ORGANITZA: UNIVERSITAT MIGUEL HERN\u00c1NDEZ D\u2019ELX. OBSERVATORI DE LES MASCULINITATS. ECULGE. DIJOUS 20 OCTUBRE 2022. MAT\u00cd: Lloc de celebraci\u00f3: [&hellip;]<\/p>\n","protected":false},"author":3158,"featured_media":0,"parent":0,"menu_order":5,"comment_status":"closed","ping_status":"closed","template":"","meta":{"_et_pb_use_builder":"on","_et_pb_old_content":"","_et_gb_content_width":"","_links_to":"","_links_to_target":""},"yoast_head":"<!-- This site is optimized with the Yoast SEO plugin v17.5 - https:\/\/yoast.com\/wordpress\/plugins\/seo\/ -->\n<title>PROGRAMA - CIMASCIGUAL II<\/title>\n<meta name=\"robots\" content=\"index, follow, max-snippet:-1, max-image-preview:large, max-video-preview:-1\" \/>\n<link rel=\"canonical\" href=\"https:\/\/congresomasculinidades2.umh.es\/ca\/programa\/\" \/>\n<meta property=\"og:locale\" content=\"ca_ES\" \/>\n<meta property=\"og:type\" content=\"article\" \/>\n<meta property=\"og:title\" content=\"PROGRAMA - CIMASCIGUAL II\" \/>\n<meta property=\"og:description\" content=\"PROGRAMA &nbsp; &nbsp; II CONGR\u00c9S INTERNACIONAL SOBRE MASCULINITATS I IGUALTAT: EDUCACI\u00d3 PER A LA IGUALTAT I CO(EDUCACI\u00d3). (CIMASCIGUAL II) &nbsp; DATES: DIJOUS 20, DIVENDRES 21 i DISSABTE 22 d\u2019OCTUBRE 2022 LLOC: CENTRE DE CONGRESSOS \u201cCIUTAT D\u2019ELX\u201d &nbsp; ORGANITZA: UNIVERSITAT MIGUEL HERN\u00c1NDEZ D\u2019ELX. OBSERVATORI DE LES MASCULINITATS. ECULGE. DIJOUS 20 OCTUBRE 2022. MAT\u00cd: Lloc de celebraci\u00f3: [&hellip;]\" \/>\n<meta property=\"og:url\" content=\"https:\/\/congresomasculinidades2.umh.es\/ca\/programa\/\" \/>\n<meta property=\"og:site_name\" content=\"CIMASCIGUAL II\" \/>\n<meta property=\"article:modified_time\" content=\"2022-07-08T10:28:58+00:00\" \/>\n<meta name=\"twitter:card\" content=\"summary_large_image\" \/>\n<meta name=\"twitter:label1\" content=\"Temps estimat de lectura\" \/>\n\t<meta name=\"twitter:data1\" content=\"7 minuts\" \/>\n<script type=\"application\/ld+json\" class=\"yoast-schema-graph\">{\"@context\":\"https:\/\/schema.org\",\"@graph\":[{\"@type\":\"WebSite\",\"@id\":\"https:\/\/congresomasculinidades2.umh.es\/#website\",\"url\":\"https:\/\/congresomasculinidades2.umh.es\/\",\"name\":\"CIMASCIGUAL II\",\"description\":\"Universidad Miguel Hern\\u00e1ndez de Elche\",\"potentialAction\":[{\"@type\":\"SearchAction\",\"target\":{\"@type\":\"EntryPoint\",\"urlTemplate\":\"https:\/\/congresomasculinidades2.umh.es\/?s={search_term_string}\"},\"query-input\":\"required name=search_term_string\"}],\"inLanguage\":\"ca\"},{\"@type\":\"WebPage\",\"@id\":\"https:\/\/congresomasculinidades2.umh.es\/ca\/programa\/#webpage\",\"url\":\"https:\/\/congresomasculinidades2.umh.es\/ca\/programa\/\",\"name\":\"PROGRAMA - CIMASCIGUAL II\",\"isPartOf\":{\"@id\":\"https:\/\/congresomasculinidades2.umh.es\/#website\"},\"datePublished\":\"2022-03-09T11:32:40+00:00\",\"dateModified\":\"2022-07-08T10:28:58+00:00\",\"breadcrumb\":{\"@id\":\"https:\/\/congresomasculinidades2.umh.es\/ca\/programa\/#breadcrumb\"},\"inLanguage\":\"ca\",\"potentialAction\":[{\"@type\":\"ReadAction\",\"target\":[\"https:\/\/congresomasculinidades2.umh.es\/ca\/programa\/\"]}]},{\"@type\":\"BreadcrumbList\",\"@id\":\"https:\/\/congresomasculinidades2.umh.es\/ca\/programa\/#breadcrumb\",\"itemListElement\":[{\"@type\":\"ListItem\",\"position\":1,\"name\":\"Portada\",\"item\":\"https:\/\/congresomasculinidades2.umh.es\/ca\/\"},{\"@type\":\"ListItem\",\"position\":2,\"name\":\"PROGRAMA\"}]}]}<\/script>\n<!-- \/ Yoast SEO plugin. -->","yoast_head_json":{"title":"PROGRAMA - CIMASCIGUAL II","robots":{"index":"index","follow":"follow","max-snippet":"max-snippet:-1","max-image-preview":"max-image-preview:large","max-video-preview":"max-video-preview:-1"},"canonical":"https:\/\/congresomasculinidades2.umh.es\/ca\/programa\/","og_locale":"ca_ES","og_type":"article","og_title":"PROGRAMA - CIMASCIGUAL II","og_description":"PROGRAMA &nbsp; &nbsp; II CONGR\u00c9S INTERNACIONAL SOBRE MASCULINITATS I IGUALTAT: EDUCACI\u00d3 PER A LA IGUALTAT I CO(EDUCACI\u00d3). (CIMASCIGUAL II) &nbsp; DATES: DIJOUS 20, DIVENDRES 21 i DISSABTE 22 d\u2019OCTUBRE 2022 LLOC: CENTRE DE CONGRESSOS \u201cCIUTAT D\u2019ELX\u201d &nbsp; ORGANITZA: UNIVERSITAT MIGUEL HERN\u00c1NDEZ D\u2019ELX. OBSERVATORI DE LES MASCULINITATS. ECULGE. DIJOUS 20 OCTUBRE 2022. MAT\u00cd: Lloc de celebraci\u00f3: [&hellip;]","og_url":"https:\/\/congresomasculinidades2.umh.es\/ca\/programa\/","og_site_name":"CIMASCIGUAL II","article_modified_time":"2022-07-08T10:28:58+00:00","twitter_card":"summary_large_image","twitter_misc":{"Temps estimat de lectura":"7 minuts"},"schema":{"@context":"https:\/\/schema.org","@graph":[{"@type":"WebSite","@id":"https:\/\/congresomasculinidades2.umh.es\/#website","url":"https:\/\/congresomasculinidades2.umh.es\/","name":"CIMASCIGUAL II","description":"Universidad Miguel Hern\u00e1ndez de Elche","potentialAction":[{"@type":"SearchAction","target":{"@type":"EntryPoint","urlTemplate":"https:\/\/congresomasculinidades2.umh.es\/?s={search_term_string}"},"query-input":"required name=search_term_string"}],"inLanguage":"ca"},{"@type":"WebPage","@id":"https:\/\/congresomasculinidades2.umh.es\/ca\/programa\/#webpage","url":"https:\/\/congresomasculinidades2.umh.es\/ca\/programa\/","name":"PROGRAMA - CIMASCIGUAL II","isPartOf":{"@id":"https:\/\/congresomasculinidades2.umh.es\/#website"},"datePublished":"2022-03-09T11:32:40+00:00","dateModified":"2022-07-08T10:28:58+00:00","breadcrumb":{"@id":"https:\/\/congresomasculinidades2.umh.es\/ca\/programa\/#breadcrumb"},"inLanguage":"ca","potentialAction":[{"@type":"ReadAction","target":["https:\/\/congresomasculinidades2.umh.es\/ca\/programa\/"]}]},{"@type":"BreadcrumbList","@id":"https:\/\/congresomasculinidades2.umh.es\/ca\/programa\/#breadcrumb","itemListElement":[{"@type":"ListItem","position":1,"name":"Portada","item":"https:\/\/congresomasculinidades2.umh.es\/ca\/"},{"@type":"ListItem","position":2,"name":"PROGRAMA"}]}]}},"_links":{"self":[{"href":"https:\/\/congresomasculinidades2.umh.es\/ca\/wp-json\/wp\/v2\/pages\/4072"}],"collection":[{"href":"https:\/\/congresomasculinidades2.umh.es\/ca\/wp-json\/wp\/v2\/pages"}],"about":[{"href":"https:\/\/congresomasculinidades2.umh.es\/ca\/wp-json\/wp\/v2\/types\/page"}],"author":[{"embeddable":true,"href":"https:\/\/congresomasculinidades2.umh.es\/ca\/wp-json\/wp\/v2\/users\/3158"}],"replies":[{"embeddable":true,"href":"https:\/\/congresomasculinidades2.umh.es\/ca\/wp-json\/wp\/v2\/comments?post=4072"}],"version-history":[{"count":0,"href":"https:\/\/congresomasculinidades2.umh.es\/ca\/wp-json\/wp\/v2\/pages\/4072\/revisions"}],"wp:attachment":[{"href":"https:\/\/congresomasculinidades2.umh.es\/ca\/wp-json\/wp\/v2\/media?parent=4072"}],"curies":[{"name":"wp","href":"https:\/\/api.w.org\/{rel}","templated":true}]}}